{"id":432,"date":"2023-03-14T23:59:46","date_gmt":"2023-03-14T23:59:46","guid":{"rendered":"http:\/\/s884785026.mialojamiento.es\/?page_id=432"},"modified":"2024-05-21T18:17:06","modified_gmt":"2024-05-21T18:17:06","slug":"team","status":"publish","type":"page","link":"https:\/\/mantacatalog.org\/es\/team\/","title":{"rendered":"Conoce al equipo"},"content":{"rendered":"[et_pb_section fb_built=\"1\u2033 admin_label=\"section\" _builder_version=\"4.4.3\u2033 custom_padding=\"100px|||||\"][et_pb_row _builder_version=\"4.4.3\u2033 width=\"72.4%\" min_height=\"120px\" custom_margin=\"|auto||303px||\"][et_pb_column type=\"4_4\u2033 _builder_version=\"4.4.3\u2033][et_pb_text _builder_version=\"4.4.3\u2033]\n<h1><strong>Conoce al equipo<\/strong><\/h1>\n[\/et_pb_text][\/et_pb_column][\/et_pb_row][et_pb_row admin_label=\"fila\" _builder_version=\"4.4.3\u2033 background_size=\"initial\" background_position=\"top_left\" background_repeat=\"repeat\" min_height=\"421.9px\" custom_padding=\"||0px|||\"][et_pb_column type=\"4_4\u2033 _builder_version=\"3.25\u2033 custom_padding=\"|||\" custom_padding__hover=\"|||\"][et_pb_team_member name=\"Ana Filipa Sobral \ud83c\uddf5\ud83c\uddf9\" position=\"Cient\u00edfica principal y fundadora\" image_url=\"https:\/\/mantacatalog.org\/wp-content\/uploads\/2023\/03\/360vr-shoot-azores-\u00a9-danny-copeland_1-290\u00d7300.png\" module_class=\"Circular\" _builder_version=\"4.4.3\u2033 border_radii_image=\"on|100%|100%|100%|100%\" border_style_all_image=\"none\" box_shadow_style_image=\"preset3\u2033]\n<p>El amor de Ana por la naturaleza, y en particular por el oc\u00e9ano, comenz\u00f3 a la temprana edad de cinco a\u00f1os. Esto la llev\u00f3 a convertirse en bi\u00f3loga marina y conservacionista. En 2010, Ana viaj\u00f3 a Mozambique para participar en un proyecto de conservaci\u00f3n del tibur\u00f3n ballena y la manta raya. Fue all\u00ed donde su primer encuentro con una manta raya despert\u00f3 su fascinaci\u00f3n por estos animales.<\/p>\n<p>En 2011, Ana persigui\u00f3 su viejo sue\u00f1o de trasladarse a las Azores. Una vez\u00a0<span data-token-index=\"0\" class=\"notion-enable-hover\">all\u00ed, se dio cuenta de que era uno de los pocos lugares del mundo donde las rayas diablo Sicklefin (<\/span><em><span data-token-index=\"1\" class=\"notion-enable-hover\">Mobula tarapacana<\/span><\/em><span data-token-index=\"2\" class=\"notion-enable-hover\">) se re\u00fanen en grandes grupos y<\/span>\u00a0As\u00ed fund\u00f3 Manta Catalog Azores. Durante m\u00e1s de una d\u00e9cada, Ana ha estado recopilando datos sobre rayas Mobulid con la ayuda de operadores de buceo y cient\u00edficos ciudadanos a trav\u00e9s de este proyecto.<\/p>\n<p>Actualmente candidata al doctorado, la investigaci\u00f3n de Ana se centra en la gen\u00e9tica de poblaciones y la conectividad de elasmobranquios migratorios en islas oce\u00e1nicas del Oc\u00e9ano Atl\u00e1ntico. Su objetivo es colmar las lagunas de conocimiento sobre la biolog\u00eda y ecolog\u00eda de los elasmobranquios para dise\u00f1ar planes de conservaci\u00f3n y gesti\u00f3n eficaces que protejan sus poblaciones en la remota regi\u00f3n del Oc\u00e9ano Atl\u00e1ntico Norte.<\/p>\n[\/et_pb_team_member][et_pb_divider _builder_version=\"4.4.3\u2033 min_height=\"8.8px\"][\/et_pb_divider][\/et_pb_column][\/et_pb_row][et_pb_row admin_label=\"row\" _builder_version=\"4.4.3\u2033 background_size=\"initial\" background_position=\"top_left\" background_repeat=\"repeat\" min_height=\"824.4.3\u2033 background_size=\"initial\" background_position=\"top_left\" background_repeat=\"repeat\" min_height=\"824.4px\" custom_padding=\"||0px|||\"][et_pb_column type=\"4_4\u2033 _builder_version=\"3.25\u2033 custom_padding=\"|||\" custom_padding__hover=\"|||\"][et_pb_team_member name=\"Alicia Rodr\u00edguez Junc\u00e1 \ud83c\uddea\ud83c\uddf8\" position=\"Jefa de Proyecto y Cofundadora - Canarias\" image_url=\"https:\/\/mantacatalog.org\/wp-content\/uploads\/2023\/06\/editadas-14-e1690556801191.jpg\u201d module_class=\u201dCircular\u201d _builder_version=\u201d4.4.3\u2033 min_height=\u201d367.9px\" custom_margin=\"||76px|||\" custom_padding=\"17px||3px|||\" border_radii_image=\"on|100%|100%|100%|100%\" border_style_all_image=\"none\" box_shadow_style_image=\"preset3\u2033 border_radii_image__hover_enabled=\"off|desktop\"]\n<p>Alicia es doctoranda en el grupo de investigaci\u00f3n de cet\u00e1ceos BIOECOMAC, Universidad de la Laguna (Islas Canarias, Espa\u00f1a). Comenz\u00f3 Manta Catolog Canarias para recopilar informaci\u00f3n sobre la presencia de mob\u00falidos en este archipi\u00e9lago y evaluar la conectividad potencial entre Canarias y otras regiones de la Macaronesia.<\/p>\n<p>En los \u00faltimos a\u00f1os Alicia ha trabajado en varios proyectos en el contexto de la conservaci\u00f3n de cet\u00e1ceos en las Islas Canarias. Actualmente, est\u00e1 analizando las interacciones entre la pesca artesanal y los cet\u00e1ceos, creando una l\u00ednea base de informaci\u00f3n para informar correctamente las estrategias de gesti\u00f3n y mitigar los efectos negativos.<\/p>\n<p>Entre proyecto y proyecto, encontrar\u00e1s a Alicia en el agua. Alicia es Divemaster y patrona. Le encanta hacer snorkel y est\u00e1 haciendo sus primeros pinitos en el surf. \u00bfTienes alg\u00fan plan que implique estar en el agua? \u00a1Ella se apunta!<\/p>\n[\/et_pb_team_member][et_pb_divider _builder_version=\"4.4.3\u2033 custom_margin=\"-60px|||||\"][\/et_pb_divider][et_pb_team_member name=\"Carla Louren\u00e7o \ud83c\uddf5\ud83c\uddf9\" position=\"Responsable de Comunicaci\u00f3n\" image_url=\"https:\/\/mantacatalog.org\/wp-content\/uploads\/2023\/07\/WhatsApp-Image-2023-07-03-at-13.56.09-e1690623789704.jpeg\u201d module_class=\u201dCircular\u201d _builder_version=\u201d4.4.3\u2033 border_radii_image=\u201don|100%|100%|100%|100%\u201d border_style_all_image=\u201dnone\u201d box_shadow_style_image=\u201dpreset3\u2033]\n<p><span>Bi\u00f3loga marina de formaci\u00f3n y de coraz\u00f3n. Amante y defensora de los oc\u00e9anos, sirena a tiempo parcial, conservacionista y activista de la Tierra basada en la ciencia. Nacida a 354 ppm, Carla tiene m\u00e1s de 30 a\u00f1os de experiencia paseando por la orilla del mar en busca de vida marina. Apasionada por comunicar c\u00f3mo el oc\u00e9ano moldea nuestras vidas y c\u00f3mo cada individuo puede marcar la diferencia para contribuir a un planeta sano. Intenso c\u00f3ctel de creatividad, resoluci\u00f3n de problemas y chifladura, lleno de ingenio y descaro. Mejor con hielo, tiene la misi\u00f3n de ayudar a salvar a los corales de la extinci\u00f3n funcional, \u00a1y tambi\u00e9n a las mantas!<\/span><\/p>\n[\/et_pb_team_member][\/et_pb_column][\/et_pb_row][et_pb_row admin_label=\"row\" _builder_version=\"4.4.3\u2033 background_size=\"initial\" background_position=\"top_left\" background_repeat=\"repeat\"][et_pb_column type=\"4_4\u2033 _builder_version=\"3.25\u2033 custom_padding=\"|||\" custom_padding__hover=\"|||\"][et_pb_divider _builder_version=\"4.4.4.3\u2033.4.3\u2033][\/et_pb_divider][et_pb_team_member name=\"Joana Oliveira \ud83c\uddf5\ud83c\uddf9\" position=\"Responsable de comunicaci\u00f3n y equipo de Foto-ID\" image_url=\"https:\/\/mantacatalog.org\/wp-content\/uploads\/2023\/03\/IMG_6302-2-e1690557105873.jpg\" _builder_version=\"4.4.3\u2033 border_radii_image=\"on|100%|100%|100%\"]\n<p><span style=\"font-size: 14px;\">Joana es una apasionada de la biolog\u00eda marina. Creci\u00f3 junto a la playa y el oc\u00e9ano forma parte de la mayor\u00eda de sus primeros recuerdos. Siempre ha sentido curiosidad por la vida marina y es muy feliz en el agua.<\/span><\/p>\n<p><span style=\"font-weight: 400;\">A lo largo de sus estudios universitarios de Biolog\u00eda,\u00a0<span>en la Universidad de Lisboa,<\/span> particip\u00f3 en diferentes proyectos de conservaci\u00f3n e investigaci\u00f3n y dio sus primeros pasos en el campo marino. Para entonces, empez\u00f3 a trabajar como voluntaria en Manta Catalog Azores y a aprender sobre Foto-ID y Ciencia Ciudadana.\u00a0<\/span><\/p>\n<p><span style=\"font-weight: 400;\">Durante su m\u00e1ster en Recursos Biol\u00f3gicos Marinos (IMBRSea), viaj\u00f3 casi tanto como una Manta, traslad\u00e1ndose a una Universidad diferente cada semestre, pero ahora est\u00e1 de vuelta en casa, en Portugal.<\/span><\/p>\n<p><span style=\"font-weight: 400;\">Su prioridad en los dos \u00faltimos a\u00f1os ha sido aprender c\u00f3mo puede participar la sociedad en la conservaci\u00f3n y gesti\u00f3n del medio marino, y en ello se ha centrado su proyecto de tesis de licenciatura. En el futuro, su objetivo es seguir tendiendo puentes entre los cient\u00edficos y la sociedad.<\/span><\/p>\n<p><span style=\"font-weight: 400;\">Puedes encontrarla junto al oc\u00e9ano.<\/span><\/p>\n<p>&nbsp;<\/p>\n[\/et_pb_team_member][et_pb_divider _builder_version=\"4.4.3\u2033 locked=\"off\"][\/et_pb_divider][et_pb_team_member name=\"Chloe Flood \ud83c\uddec\ud83c\udde7\" position=\"Equipo de contenido de v\u00eddeo y Foto-ID\" image_url=\"https:\/\/mantacatalog.org\/wp-content\/uploads\/2023\/03\/Screenshot-2023-03-12-at-18.12.12-e1690557037566.png\u201d _builder_version=\u201d4.4.3\u2033 min_height=\u201d164.6px\u201d border_radii_image=\u201don|100%|100%|100%|100%\u201d]\n<p>Chloe es conservacionista marina y aficionada a los tiburones.<br \/> Al haber crecido cerca de la costa, el oc\u00e9ano siempre ha sido una parte importante de su vida. Ya sea nadando en aguas fr\u00edas (la mayor parte del a\u00f1o en Inglaterra), haciendo snorkel, paseando por la costa, buceando o intentando hacer surf, pasa la mayor parte de su tiempo libre en el agua o cerca de ella. Hace poco m\u00e1s de un a\u00f1o se traslad\u00f3 a Plymouth, en el suroeste del Reino Unido, para estudiar la carrera de sus sue\u00f1os, un m\u00e1ster en Conservaci\u00f3n Marina. Para su tesis doctoral, realiz\u00f3 un proyecto de investigaci\u00f3n, en colaboraci\u00f3n con Shark Trust, centrado en las comunicaciones sobre conservaci\u00f3n marina. Gracias a esta colaboraci\u00f3n se le ofrecieron incre\u00edbles oportunidades de voluntariado. Tras su reciente graduaci\u00f3n, ha empezado a trabajar por primera vez en el \u00e1mbito de la conservaci\u00f3n marina y siente que est\u00e1 viviendo un sue\u00f1o: \u00a1proteger nuestro oc\u00e9ano y la incre\u00edble vida que alberga!<\/p>\n<p>Licenciada en periodismo multimedia, ha creado algunos de los contenidos de v\u00eddeo de Manta Catalog, y pronto dar\u00e1 sus primeros pasos en el mundo de la foto-identificaci\u00f3n.<\/p>\n[\/et_pb_team_member][et_pb_divider _builder_version=\"4.4.3\u2033][\/et_pb_divider][et_pb_team_member name=\"In\u00eas Filipa Rodrigues \ud83c\uddf5\ud83c\uddf9\" position=\"Foto-ID equipo\" image_url=\"https:\/\/mantacatalog.org\/wp-content\/uploads\/2023\/03\/DSC_1945-scaled-e1690557363297.jpg\u201d _builder_version=\u201d4.4.3\u2033 min_height=\u201d549.5px\u201d border_radii_image=\u201don|100%|100%|100%|100%\u201d]\n<p><span style=\"font-size: 14px;\">Desde que era ni\u00f1a, lo que m\u00e1s le gustaba era estar cerca de los animales, ya fueran hormigas, ovejas, perros... lo que fuera. Lo \u00fanico que ten\u00eda claro era que quer\u00eda que su vida adulta transcurriera rodeada de ellos. Se licenci\u00f3 en Biolog\u00eda en la FCUL (Lisboa) e, impulsada por el deseo de estudiar en el extranjero, se sumergi\u00f3 en su actual m\u00e1ster en Biolog\u00eda en la WUR (Pa\u00edses Bajos). Estar\u00e1s pensando... \u00bfBiolog\u00eda dos veces? \u00bfNo podr\u00eda especializarse? La realidad es que \"Biolog\u00eda\" ha sido el t\u00e9rmino que ha englobado su trayectoria en Ecolog\u00eda y Conservaci\u00f3n, pero es tan amplia como sus intereses. Dentro de estos campos, se centra en los \u00e1mbitos marino y terrestre.\u00a0<\/span><\/p>\n<p><span style=\"font-weight: 400;\">Dentro del mundo marino siente una gran pasi\u00f3n por los mam\u00edferos marinos y los elasmobranquios (insiste en que los mam\u00edferos son lo primero, estamos en ello), con un \"amor oculto\" por los cefal\u00f3podos y los corales, as\u00ed como una pizca de apertura que permite que otros organismos se ganen tambi\u00e9n su coraz\u00f3n. Cree que una visi\u00f3n m\u00e1s amplia puede ayudar a conectar puntos a\u00fan por comprender, y que con conocimientos en diversos campos su \"caja de herramientas\" est\u00e1 en constante expansi\u00f3n y lista para ser utilizada de forma creativa e interdisciplinar.\u00a0<\/span><\/p>\n<p><span style=\"font-weight: 400;\">Su voluntad intr\u00ednseca de estar constantemente involucrada en algo significativo la llev\u00f3 a unirse a Manta Catalog en octubre de 2019. Sus aficiones son la observaci\u00f3n de aves (\u00bfp\u00e1jaros tambi\u00e9n? S\u00ed...), la fotograf\u00eda de vida salvaje, la m\u00fasica, viajar y, por supuesto, mobula photo-ID \ud83d\ude09.<\/span><\/p>\n<p><span style=\"font-weight: 400;\">Aspira a ayudar a colmar las lagunas de conocimiento sobre la biolog\u00eda y ecolog\u00eda de una gran variedad de taxones, as\u00ed como sobre las interacciones entre ellos y, en \u00faltima instancia, utilizar esa informaci\u00f3n para su conservaci\u00f3n. Su vida est\u00e1 lo suficientemente planificada como para dejar espacio a lo inesperado, pero con los pies en el suelo en la medida de lo posible, caminando hacia sus objetivos y haciendo algunas fotos por el camino.<\/span><\/p>\n[\/et_pb_team_member][et_pb_divider _builder_version=\"4.4.3\u2033 min_height=\"25.8px\"][\/et_pb_divider][et_pb_team_member name=\"Nuno Vasco Rodrigues \ud83c\uddf5\ud83c\uddf9\" position=\"Fot\u00f3grafo de conservaci\u00f3n y asesor cient\u00edfico\" image_url=\"https:\/\/mantacatalog.org\/wp-content\/uploads\/2023\/04\/Manta-Conservaci\u00f3n-Experiencia-Bio-Nuno-Vasco-Rodrigues.jpg\" module_class=\"Circular\" _builder_version=\"4.4.3\u2033 border_radii_image=\"on|100%|100%|100%\" border_style_all_image=\"none\" box_shadow_style_image=\"preset3\u2033]\n<p>\u00a0Nuno Vasco Rodrigues es bi\u00f3logo marino con un m\u00e1ster en Estudios Oce\u00e1nicos integrados. A lo largo de su carrera, Nuno ha trabajado en varias instituciones punteras en el campo de los estudios y la conservaci\u00f3n marinos, ha participado en varios proyectos de conservaci\u00f3n y ha formado parte de numerosas expediciones cient\u00edficas, lo que le ha proporcionado un profundo conocimiento de la vida oce\u00e1nica. Es autor de decenas de art\u00edculos cient\u00edficos y de tres libros sobre fauna marina, adem\u00e1s de haber colaborado en muchos otros.<\/p>\n<p>Como fot\u00f3grafo, se especializ\u00f3 en fotograf\u00eda submarina, utilizando la imagen como herramienta de estudio y comunicaci\u00f3n, con el objetivo de la conservaci\u00f3n. Colabora regularmente con varias instituciones, entre ellas National Geographic Portugal. Sus im\u00e1genes han sido ampliamente publicadas en libros, peri\u00f3dicos y revistas y tambi\u00e9n expuestas en todo el mundo, habiendo obtenido varias de ellas premios en concursos internacionales. Recientemente, fue considerado fot\u00f3grafo de conservaci\u00f3n del a\u00f1o 2021 por Ocean Geographic y obtuvo el 2\u00ba puesto en la categor\u00eda de fotoperiodismo.<\/p>\n<p>Buceador certificado desde el a\u00f1o 2000, es instructor asistente y cuenta con m\u00e1s de 1000 horas bajo el agua en diversos lugares del mundo, la mayor\u00eda de ellas estudiando y fotografiando la vida marina.<\/p>\n[\/et_pb_team_member][\/et_pb_column][\/et_pb_row][\/et_pb_section]","protected":false},"excerpt":{"rendered":"<p>[et_pb_section fb_built=\"1\u2033 admin_label=\"section\" _builder_version=\"4.4.3\u2033 custom_padding=\"100px|||||\"][et_pb_row _builder_version=\"4.4.3\u2033 width=\"72.4%\" min_height=\"120px\" custom_margin=\"|auto||303px||\"][et_pb_column type=\"4_4\u2033 _builder_version=\"4.4.3\u2033.4.3\u2033][et_pb_text _builder_version=\"4.4.3\u2033] Conoce al equipo [\/et_pb_text][\/et_pb_column][\/et_pb_row][et_pb_row admin_label=\"row\" _builder_version=\"4.4.3\u2033 background_size=\"initial\" background_position=\"top_left\" background_repeat=\"repeat\" min_height=\"421.9px\" custom_padding=\"||0px|||\"][et_pb_column type=\"4_4\u2033 _builder_version=\"3.25\u2033 custom_padding=\"|||\" custom_padding__hover=\"|||\"][et_pb_team_member name=\"Ana Filipa Sobral \ud83c\uddf5\ud83c\uddf9\" position=\"Cient\u00edfica principal y fundadora\" image_url=\"https:\/\/mantacatalog.org\/wp-content\/uploads\/2023\/03\/360vr-shoot-azores-\u00a9-danny-copeland_1-290\u00d7300.png\" module_class=\"Circular\" _builder_version=\"4.4.3\u2033 border_radii_image=\"on|100%|100%|100%\" border_style_all_image=\"none\" box_shadow_style_image=\"preset3\u2033] El amor de Ana por la naturaleza, en particular por el oc\u00e9ano, comenz\u00f3 a la temprana edad de cinco a\u00f1os. [...]<\/p>","protected":false},"author":1,"featured_media":0,"parent":0,"menu_order":0,"comment_status":"closed","ping_status":"closed","template":"","meta":{"_et_pb_use_builder":"on","_et_pb_old_content":"","_et_gb_content_width":"","footnotes":""},"class_list":["post-432","page","type-page","status-publish","hentry"],"yoast_head":"<!-- This site is optimized with the Yoast SEO plugin v26.2 - https:\/\/yoast.com\/wordpress\/plugins\/seo\/ -->\n<title>Meet the Team - Manta Catalog<\/title>\n<meta name=\"robots\" content=\"index, follow, max-snippet:-1, max-image-preview:large, max-video-preview:-1\" \/>\n<link rel=\"canonical\" href=\"https:\/\/mantacatalog.org\/es\/team\/\" \/>\n<meta property=\"og:locale\" content=\"es_ES\" \/>\n<meta property=\"og:type\" content=\"article\" \/>\n<meta property=\"og:title\" content=\"Meet the Team - Manta Catalog\" \/>\n<meta property=\"og:description\" content=\"[et_pb_section fb_built=&#8221;1&#8243; admin_label=&#8221;section&#8221; _builder_version=&#8221;4.4.3&#8243; custom_padding=&#8221;100px|||||&#8221;][et_pb_row _builder_version=&#8221;4.4.3&#8243; width=&#8221;72.4%&#8221; min_height=&#8221;120px&#8221; custom_margin=&#8221;|auto||303px||&#8221;][et_pb_column type=&#8221;4_4&#8243; _builder_version=&#8221;4.4.3&#8243;][et_pb_text _builder_version=&#8221;4.4.3&#8243;] Meet the Team [\/et_pb_text][\/et_pb_column][\/et_pb_row][et_pb_row admin_label=&#8221;row&#8221; _builder_version=&#8221;4.4.3&#8243; background_size=&#8221;initial&#8221; background_position=&#8221;top_left&#8221; background_repeat=&#8221;repeat&#8221; min_height=&#8221;421.9px&#8221; custom_padding=&#8221;||0px|||&#8221;][et_pb_column type=&#8221;4_4&#8243; _builder_version=&#8221;3.25&#8243; custom_padding=&#8221;|||&#8221; custom_padding__hover=&#8221;|||&#8221;][et_pb_team_member name=&#8221;Ana Filipa Sobral \ud83c\uddf5\ud83c\uddf9&#8221; position=&#8221;Principal Scientist and Founder&#8221; image_url=&#8221;https:\/\/mantacatalog.org\/wp-content\/uploads\/2023\/03\/360vr-shoot-azores-\u00a9-danny-copeland_1-290&#215;300.png&#8221; module_class=&#8221;Circular&#8221; _builder_version=&#8221;4.4.3&#8243; border_radii_image=&#8221;on|100%|100%|100%|100%&#8221; border_style_all_image=&#8221;none&#8221; box_shadow_style_image=&#8221;preset3&#8243;] Ana&#8217;s love for nature, particularly the ocean, began at the young age of five. [&hellip;]\" \/>\n<meta property=\"og:url\" content=\"https:\/\/mantacatalog.org\/es\/team\/\" \/>\n<meta property=\"og:site_name\" content=\"Manta Catalog\" \/>\n<meta property=\"article:modified_time\" content=\"2024-05-21T18:17:06+00:00\" \/>\n<meta name=\"twitter:card\" content=\"summary_large_image\" \/>\n<meta name=\"twitter:label1\" content=\"Tiempo de lectura\" \/>\n\t<meta name=\"twitter:data1\" content=\"9 minutos\" \/>\n<script type=\"application\/ld+json\" class=\"yoast-schema-graph\">{\"@context\":\"https:\/\/schema.org\",\"@graph\":[{\"@type\":\"WebPage\",\"@id\":\"https:\/\/mantacatalog.org\/en\/team\/\",\"url\":\"https:\/\/mantacatalog.org\/en\/team\/\",\"name\":\"Meet the Team - Manta Catalog\",\"isPartOf\":{\"@id\":\"https:\/\/mantacatalog.org\/en\/#website\"},\"datePublished\":\"2023-03-14T23:59:46+00:00\",\"dateModified\":\"2024-05-21T18:17:06+00:00\",\"breadcrumb\":{\"@id\":\"https:\/\/mantacatalog.org\/en\/team\/#breadcrumb\"},\"inLanguage\":\"es\",\"potentialAction\":[{\"@type\":\"ReadAction\",\"target\":[\"https:\/\/mantacatalog.org\/en\/team\/\"]}]},{\"@type\":\"BreadcrumbList\",\"@id\":\"https:\/\/mantacatalog.org\/en\/team\/#breadcrumb\",\"itemListElement\":[{\"@type\":\"ListItem\",\"position\":1,\"name\":\"Home\",\"item\":\"https:\/\/mantacatalog.org\/en\/\"},{\"@type\":\"ListItem\",\"position\":2,\"name\":\"Meet the Team\"}]},{\"@type\":\"WebSite\",\"@id\":\"https:\/\/mantacatalog.org\/en\/#website\",\"url\":\"https:\/\/mantacatalog.org\/en\/\",\"name\":\"Manta Catalog\",\"description\":\"Research &amp; Conservation\",\"potentialAction\":[{\"@type\":\"SearchAction\",\"target\":{\"@type\":\"EntryPoint\",\"urlTemplate\":\"https:\/\/mantacatalog.org\/en\/?s={search_term_string}\"},\"query-input\":{\"@type\":\"PropertyValueSpecification\",\"valueRequired\":true,\"valueName\":\"search_term_string\"}}],\"inLanguage\":\"es\"}]}<\/script>\n<!-- \/ Yoast SEO plugin. -->","yoast_head_json":{"title":"Conozca al equipo - Cat\u00e1logo Manta","robots":{"index":"index","follow":"follow","max-snippet":"max-snippet:-1","max-image-preview":"max-image-preview:large","max-video-preview":"max-video-preview:-1"},"canonical":"https:\/\/mantacatalog.org\/es\/team\/","og_locale":"es_ES","og_type":"article","og_title":"Meet the Team - Manta Catalog","og_description":"[et_pb_section fb_built=&#8221;1&#8243; admin_label=&#8221;section&#8221; _builder_version=&#8221;4.4.3&#8243; custom_padding=&#8221;100px|||||&#8221;][et_pb_row _builder_version=&#8221;4.4.3&#8243; width=&#8221;72.4%&#8221; min_height=&#8221;120px&#8221; custom_margin=&#8221;|auto||303px||&#8221;][et_pb_column type=&#8221;4_4&#8243; _builder_version=&#8221;4.4.3&#8243;][et_pb_text _builder_version=&#8221;4.4.3&#8243;] Meet the Team [\/et_pb_text][\/et_pb_column][\/et_pb_row][et_pb_row admin_label=&#8221;row&#8221; _builder_version=&#8221;4.4.3&#8243; background_size=&#8221;initial&#8221; background_position=&#8221;top_left&#8221; background_repeat=&#8221;repeat&#8221; min_height=&#8221;421.9px&#8221; custom_padding=&#8221;||0px|||&#8221;][et_pb_column type=&#8221;4_4&#8243; _builder_version=&#8221;3.25&#8243; custom_padding=&#8221;|||&#8221; custom_padding__hover=&#8221;|||&#8221;][et_pb_team_member name=&#8221;Ana Filipa Sobral \ud83c\uddf5\ud83c\uddf9&#8221; position=&#8221;Principal Scientist and Founder&#8221; image_url=&#8221;https:\/\/mantacatalog.org\/wp-content\/uploads\/2023\/03\/360vr-shoot-azores-\u00a9-danny-copeland_1-290&#215;300.png&#8221; module_class=&#8221;Circular&#8221; _builder_version=&#8221;4.4.3&#8243; border_radii_image=&#8221;on|100%|100%|100%|100%&#8221; border_style_all_image=&#8221;none&#8221; box_shadow_style_image=&#8221;preset3&#8243;] Ana&#8217;s love for nature, particularly the ocean, began at the young age of five. [&hellip;]","og_url":"https:\/\/mantacatalog.org\/es\/team\/","og_site_name":"Manta Catalog","article_modified_time":"2024-05-21T18:17:06+00:00","twitter_card":"summary_large_image","twitter_misc":{"Tiempo de lectura":"9 minutos"},"schema":{"@context":"https:\/\/schema.org","@graph":[{"@type":"WebPage","@id":"https:\/\/mantacatalog.org\/en\/team\/","url":"https:\/\/mantacatalog.org\/en\/team\/","name":"Conozca al equipo - Cat\u00e1logo Manta","isPartOf":{"@id":"https:\/\/mantacatalog.org\/en\/#website"},"datePublished":"2023-03-14T23:59:46+00:00","dateModified":"2024-05-21T18:17:06+00:00","breadcrumb":{"@id":"https:\/\/mantacatalog.org\/en\/team\/#breadcrumb"},"inLanguage":"es","potentialAction":[{"@type":"ReadAction","target":["https:\/\/mantacatalog.org\/en\/team\/"]}]},{"@type":"BreadcrumbList","@id":"https:\/\/mantacatalog.org\/en\/team\/#breadcrumb","itemListElement":[{"@type":"ListItem","position":1,"name":"Home","item":"https:\/\/mantacatalog.org\/en\/"},{"@type":"ListItem","position":2,"name":"Meet the Team"}]},{"@type":"WebSite","@id":"https:\/\/mantacatalog.org\/en\/#website","url":"https:\/\/mantacatalog.org\/en\/","name":"Cat\u00e1logo Manta","description":"Investigaci\u00f3n y conservaci\u00f3n","potentialAction":[{"@type":"SearchAction","target":{"@type":"EntryPoint","urlTemplate":"https:\/\/mantacatalog.org\/en\/?s={search_term_string}"},"query-input":{"@type":"PropertyValueSpecification","valueRequired":true,"valueName":"search_term_string"}}],"inLanguage":"es"}]}},"_links":{"self":[{"href":"https:\/\/mantacatalog.org\/es\/wp-json\/wp\/v2\/pages\/432","targetHints":{"allow":["GET"]}}],"collection":[{"href":"https:\/\/mantacatalog.org\/es\/wp-json\/wp\/v2\/pages"}],"about":[{"href":"https:\/\/mantacatalog.org\/es\/wp-json\/wp\/v2\/types\/page"}],"author":[{"embeddable":true,"href":"https:\/\/mantacatalog.org\/es\/wp-json\/wp\/v2\/users\/1"}],"replies":[{"embeddable":true,"href":"https:\/\/mantacatalog.org\/es\/wp-json\/wp\/v2\/comments?post=432"}],"version-history":[{"count":23,"href":"https:\/\/mantacatalog.org\/es\/wp-json\/wp\/v2\/pages\/432\/revisions"}],"predecessor-version":[{"id":865,"href":"https:\/\/mantacatalog.org\/es\/wp-json\/wp\/v2\/pages\/432\/revisions\/865"}],"wp:attachment":[{"href":"https:\/\/mantacatalog.org\/es\/wp-json\/wp\/v2\/media?parent=432"}],"curies":[{"name":"wp","href":"https:\/\/api.w.org\/{rel}","templated":true}]}}